{"id":2519,"date":"2022-06-16T20:20:18","date_gmt":"2022-06-16T20:20:18","guid":{"rendered":"https:\/\/zipline-dolinka.si\/?page_id=2519"},"modified":"2026-01-27T12:48:20","modified_gmt":"2026-01-27T12:48:20","slug":"unsere-geschichte","status":"publish","type":"page","link":"https:\/\/zipline-dolinka.si\/de\/unsere-geschichte\/","title":{"rendered":"Unsere Geschichte"},"content":{"rendered":"\n<p>Treffen Sie unser engagiertes Team, eine Gruppe <strong>leidenschaftlicher Einheimischer<\/strong> von beiden <strong>Flussufern<\/strong>, vereint durch die <strong>gemeinsame Vision<\/strong>, nachhaltige Entwicklung zu f\u00f6rdern und das reiche nat\u00fcrliche und kulturelle Erbe zu bewahren, das zwischen der <strong>Karawanken-Gebirgskette<\/strong> und den <strong>Julischen Alpen<\/strong> eingebettet ist. Unsere Wurzeln reichen tief in diese bezaubernde Region, was uns erm\u00f6glicht, den Naturschutz mit Insiderwissen und leidenschaftlicher Hingabe an die Bewahrung unserer wundersch\u00f6nen Landschaft f\u00fcr zuk\u00fcnftige Generationen anzugehen. Erkunden Sie mit uns und werden Sie Teil einer Gemeinschaft, die sich der <strong>Harmonisierung von Fortschritt<\/strong> und Erhaltung in dieser atemberaubenden Ecke <strong>der Welt<\/strong> widmet.<\/p>\n\n\n\n<figure class=\"wp-block-pullquote\"><blockquote><p><strong><mark style=\"background-color:rgba(0, 0, 0, 0)\" class=\"has-inline-color has-neve-link-color-color\">&#8222;Die Landschaft der Krain hat keine gr\u00f6\u00dfere Sch\u00f6nheit als dieses Bild vom Paradies.&#8220;<\/mark><\/strong><\/p><cite>Frankreich Pre\u0161eren, 1800\u20131849, der gr\u00f6\u00dfte slowenische Dichter, geboren im Dorf Vrba, das am linken Ufer des Sava Dolinka liegt.<\/cite><\/blockquote><\/figure>\n\n\n\n<figure class=\"wp-block-image size-large\"><img loading=\"lazy\" decoding=\"async\" width=\"1024\" height=\"684\" src=\"https:\/\/zipline-dolinka.si\/wp-content\/uploads\/2022\/06\/Private-1024x684.jpg\" alt=\"\" class=\"wp-image-641\" srcset=\"https:\/\/zipline-dolinka.si\/wp-content\/uploads\/2022\/06\/Private-1024x684.jpg 1024w, https:\/\/zipline-dolinka.si\/wp-content\/uploads\/2022\/06\/Private-300x200.jpg 300w, https:\/\/zipline-dolinka.si\/wp-content\/uploads\/2022\/06\/Private-768x513.jpg 768w, https:\/\/zipline-dolinka.si\/wp-content\/uploads\/2022\/06\/Private-930x620.jpg 930w, https:\/\/zipline-dolinka.si\/wp-content\/uploads\/2022\/06\/Private.jpg 1400w\" sizes=\"auto, (max-width: 1024px) 100vw, 1024px\" \/><\/figure>\n\n\n\n<h2 class=\"wp-block-heading\">Unser Fluss,Ihr Abenteuer<\/h2>\n\n\n\n<p>Entdecken Sie die Geschichte hinter dem <mark style=\"background-color:rgba(0, 0, 0, 0)\" class=\"has-inline-color has-neve-link-color-color\">Dolinka-Fluss<\/mark>, ein Zeugnis f\u00fcr die Widerstandsf\u00e4higkeit einer Gemeinschaft, die ihren geliebten Fluss und die umliegenden L\u00e4ndereien tapfer verteidigt hat. Im <strong>Jahr 2004 organisierte<\/strong> diese unbesiegbare Gemeinschaft ein Referendum und vereitelte erfolgreich die Pl\u00e4ne der Regierung, einen Damm zu bauen, der dem Tal katastrophalen Schaden zugef\u00fcgt h\u00e4tte.<\/p>\n\n\n\n<p>Heute ist dieses Tal eine <strong>bl\u00fchende Oase<\/strong> und dient als unber\u00fchrte und unversehrte Verbindung <strong>zwischen Bled und Vrba<\/strong>, dem Geburtsort des angesehenen slowenischen Dichters<strong><mark style=\"background-color:rgba(0, 0, 0, 0)\" class=\"has-inline-color has-neve-link-color-color\"> France Pre\u0161eren<\/mark><\/strong>. Vrba ist nur eines von vielen D\u00f6rfern in dieser Gegend, jede ein leuchtende Perle im Teppich der slowenischen Literatur. Wir laden Sie ein, uns bei der Bewahrung unseres lebendigen, nat\u00fcrlichen und reichen kulturellen Erbes zu unterst\u00fctzen, das in der sonnenverw\u00f6hnten Umarmung der Alpen liegt.<\/p>\n\n\n\n<p><a href=\"https:\/\/visitzirovnica.si\/en\/experiences\/literary-route\/\" target=\"_blank\" rel=\"noreferrer noopener\">Erfahren Sie mehr auf unserem Kulturpfad.<\/a><\/p>\n\n\n\n<p>Die nat\u00fcrliche Sch\u00f6nheit des <strong>Dolinka-Tals<\/strong> stand immer im <strong>Mittelpunkt unseres Zipline-Projekts<\/strong>. Mit gr\u00f6\u00dftem Respekt f\u00fcr die <strong>Umwelt<\/strong> haben wir das Gel\u00e4nde minimal ver\u00e4ndert, um unsere Kabel und Wege zu installieren, und so eine innovative M\u00f6glichkeit geschaffen, damit Besucher den Fluss und das Tal aus einer <strong>einzigartigen Perspektive<\/strong> erleben k\u00f6nnen. Kommen Sie zu uns und erleben Sie dieses bezaubernde Tal wie nie zuvor!<\/p>\n\n\n\n<figure class=\"wp-block-image size-large\"><img loading=\"lazy\" decoding=\"async\" width=\"1024\" height=\"575\" src=\"https:\/\/zipline-dolinka.si\/wp-content\/uploads\/2022\/06\/Our_Story-1024x575.jpeg\" alt=\"\" class=\"wp-image-645\" srcset=\"https:\/\/zipline-dolinka.si\/wp-content\/uploads\/2022\/06\/Our_Story-1024x575.jpeg 1024w, https:\/\/zipline-dolinka.si\/wp-content\/uploads\/2022\/06\/Our_Story-300x169.jpeg 300w, https:\/\/zipline-dolinka.si\/wp-content\/uploads\/2022\/06\/Our_Story-768x431.jpeg 768w, https:\/\/zipline-dolinka.si\/wp-content\/uploads\/2022\/06\/Our_Story.jpeg 1029w\" sizes=\"auto, (max-width: 1024px) 100vw, 1024px\" \/><\/figure>\n\n\n\n<h2 class=\"wp-block-heading\">Unser Ansatz<\/h2>\n\n\n\n<p>Seit zwei Jahrzehnten bewahren lokale H\u00fcter den urspr\u00fcnglichen Charme des Tals sorgf\u00e4ltig. Bei <strong><mark style=\"background-color:rgba(0, 0, 0, 0)\" class=\"has-inline-color has-neve-link-color-color\">Zipline Dolinka<\/mark><\/strong> geht unsere Mission \u00fcber aufregende <strong>Outdoor-Abenteuer <\/strong>hinaus. Wir sind leidenschaftlich engagiert, das Bewusstsein f\u00fcr die nat\u00fcrliche Bedeutung des Tals zu sch\u00e4rfen, die Region f\u00fcr Besucher zu f\u00f6rdern und die inspirierende Geschichte der Widerstandsf\u00e4higkeit unserer Gemeinschaft zu teilen.<\/p>\n\n\n\n<p>Jeder unserer sieben Zipline-Pfade wurde sorgf\u00e4ltig entworfen, um die<strong> lokale Umwelt zu respektieren <\/strong>und zu bewahren. Bei ihrer Schaffung wurden keine B\u00e4ume geopfert oder besch\u00e4digt. Mit moderner Technologie und Drohnen positionierten wir die Kabel so, dass die \u00fcppige Vegetation unter den Ziplines ungest\u00f6rt und intakt blieb. <strong>Unser Ziel ist es<\/strong>, den Besuchern einen authentischen Einblick in die atemberaubenden nat\u00fcrlichen Merkmale des Tals zu bieten, w\u00e4hrend wir sicherstellen, dass <strong>unsere Aktivit\u00e4ten mit der Natur harmonieren und sie nicht st\u00f6ren.<\/strong><\/p>\n\n\n\n<p>Begleiten Sie uns auf eine unvergessliche Reise \u00fcber das Bl\u00e4tterdach hinaus und erleben Sie die atemberaubende Sch\u00f6nheit des Tals auf eine Weise, die auch seine Zukunft respektiert und bewahrt.<\/p>\n\n\n\n<div id=\"wp-block-themeisle-blocks-advanced-columns-bddec2eb\" class=\"wp-block-themeisle-blocks-advanced-columns has-1-columns has-desktop-twoOne-layout has-tablet-equal-layout has-mobile-equal-layout has-vertical-unset\"><div class=\"wp-block-themeisle-blocks-advanced-columns-overlay\"><\/div><div class=\"innerblocks-wrap\">\n<div id=\"wp-block-themeisle-blocks-advanced-column-84df613f\" class=\"wp-block-themeisle-blocks-advanced-column\"><\/div>\n<\/div><\/div>\n","protected":false},"excerpt":{"rendered":"<p>Treffen Sie unser engagiertes Team, eine Gruppe leidenschaftlicher Einheimischer von beiden Flussufern, vereint durch die gemeinsame Vision, nachhaltige Entwicklung zu f\u00f6rdern und das reiche nat\u00fcrliche und kulturelle Erbe zu bewahren, das zwischen der Karawanken-Gebirgskette und den Julischen Alpen eingebettet ist. Unsere Wurzeln reichen tief in diese bezaubernde Region, was uns erm\u00f6glicht, den Naturschutz mit Insiderwissen&hellip;&nbsp;<a href=\"https:\/\/zipline-dolinka.si\/de\/unsere-geschichte\/\" rel=\"bookmark\">Weiterlesen &raquo;<span class=\"screen-reader-text\">Unsere Geschichte<\/span><\/a><\/p>\n","protected":false},"author":2,"featured_media":0,"parent":0,"menu_order":5,"comment_status":"closed","ping_status":"closed","template":"","meta":{"neve_meta_sidebar":"","neve_meta_container":"","neve_meta_enable_content_width":"","neve_meta_content_width":0,"neve_meta_title_alignment":"","neve_meta_author_avatar":"","neve_post_elements_order":"","neve_meta_disable_header":"","neve_meta_disable_footer":"","neve_meta_disable_title":"","_themeisle_gutenberg_block_has_review":false,"footnotes":""},"class_list":["post-2519","page","type-page","status-publish","hentry"],"yoast_head":"<!-- This site is optimized with the Yoast SEO plugin v27.0 - https:\/\/yoast.com\/product\/yoast-seo-wordpress\/ -->\n<title>Unsere Geschichte - Zipline Dolinka<\/title>\n<meta name=\"description\" content=\"Lokal gef\u00fchrte Abenteuer \u00fcber Bled, verbunden mit Naturschutz, Sicherheit und regionaler Tradition. Erfahre, wie wir Erlebnis und Verantwortung vereinen.\" \/>\n<meta name=\"robots\" content=\"index, follow, max-snippet:-1, max-image-preview:large, max-video-preview:-1\" \/>\n<link rel=\"canonical\" href=\"https:\/\/zipline-dolinka.si\/de\/unsere-geschichte\/\" \/>\n<meta property=\"og:locale\" content=\"de_DE\" \/>\n<meta property=\"og:type\" content=\"article\" \/>\n<meta property=\"og:title\" content=\"Unsere Geschichte - Zipline Dolinka\" \/>\n<meta property=\"og:description\" content=\"Lokal gef\u00fchrte Abenteuer \u00fcber Bled, verbunden mit Naturschutz, Sicherheit und regionaler Tradition. Erfahre, wie wir Erlebnis und Verantwortung vereinen.\" \/>\n<meta property=\"og:url\" content=\"https:\/\/zipline-dolinka.si\/de\/unsere-geschichte\/\" \/>\n<meta property=\"og:site_name\" content=\"Zipline Dolinka\" \/>\n<meta property=\"article:publisher\" content=\"https:\/\/www.facebook.com\/ZiplineDolinka\/\" \/>\n<meta property=\"article:modified_time\" content=\"2026-01-27T12:48:20+00:00\" \/>\n<meta property=\"og:image\" content=\"https:\/\/zipline-dolinka.si\/wp-content\/uploads\/2022\/06\/Private.jpg\" \/>\n\t<meta property=\"og:image:width\" content=\"1400\" \/>\n\t<meta property=\"og:image:height\" content=\"935\" \/>\n\t<meta property=\"og:image:type\" content=\"image\/jpeg\" \/>\n<meta name=\"twitter:card\" content=\"summary_large_image\" \/>\n<meta name=\"twitter:label1\" content=\"Gesch\u00e4tzte Lesezeit\" \/>\n\t<meta name=\"twitter:data1\" content=\"3\u00a0Minuten\" \/>\n<script type=\"application\/ld+json\" class=\"yoast-schema-graph\">{\"@context\":\"https:\/\/schema.org\",\"@graph\":[{\"@type\":\"WebPage\",\"@id\":\"https:\/\/zipline-dolinka.si\/de\/unsere-geschichte\/\",\"url\":\"https:\/\/zipline-dolinka.si\/de\/unsere-geschichte\/\",\"name\":\"Unsere Geschichte - Zipline Dolinka\",\"isPartOf\":{\"@id\":\"https:\/\/zipline-dolinka.si\/de\/#website\"},\"primaryImageOfPage\":{\"@id\":\"https:\/\/zipline-dolinka.si\/de\/unsere-geschichte\/#primaryimage\"},\"image\":{\"@id\":\"https:\/\/zipline-dolinka.si\/de\/unsere-geschichte\/#primaryimage\"},\"thumbnailUrl\":\"https:\/\/zipline-dolinka.si\/wp-content\/uploads\/2022\/06\/Private-1024x684.jpg\",\"datePublished\":\"2022-06-16T20:20:18+00:00\",\"dateModified\":\"2026-01-27T12:48:20+00:00\",\"description\":\"Lokal gef\u00fchrte Abenteuer \u00fcber Bled, verbunden mit Naturschutz, Sicherheit und regionaler Tradition. Erfahre, wie wir Erlebnis und Verantwortung vereinen.\",\"breadcrumb\":{\"@id\":\"https:\/\/zipline-dolinka.si\/de\/unsere-geschichte\/#breadcrumb\"},\"inLanguage\":\"de\",\"potentialAction\":[{\"@type\":\"ReadAction\",\"target\":[\"https:\/\/zipline-dolinka.si\/de\/unsere-geschichte\/\"]}]},{\"@type\":\"ImageObject\",\"inLanguage\":\"de\",\"@id\":\"https:\/\/zipline-dolinka.si\/de\/unsere-geschichte\/#primaryimage\",\"url\":\"https:\/\/zipline-dolinka.si\/wp-content\/uploads\/2022\/06\/Private-1024x684.jpg\",\"contentUrl\":\"https:\/\/zipline-dolinka.si\/wp-content\/uploads\/2022\/06\/Private-1024x684.jpg\"},{\"@type\":\"BreadcrumbList\",\"@id\":\"https:\/\/zipline-dolinka.si\/de\/unsere-geschichte\/#breadcrumb\",\"itemListElement\":[{\"@type\":\"ListItem\",\"position\":1,\"name\":\"Startseite\",\"item\":\"https:\/\/zipline-dolinka.si\/de\/\"},{\"@type\":\"ListItem\",\"position\":2,\"name\":\"Unsere Geschichte\"}]},{\"@type\":\"WebSite\",\"@id\":\"https:\/\/zipline-dolinka.si\/de\/#website\",\"url\":\"https:\/\/zipline-dolinka.si\/de\/\",\"name\":\"Zipline Dolinka\",\"description\":\"The Longest Zipline in Europe\",\"publisher\":{\"@id\":\"https:\/\/zipline-dolinka.si\/de\/#organization\"},\"potentialAction\":[{\"@type\":\"SearchAction\",\"target\":{\"@type\":\"EntryPoint\",\"urlTemplate\":\"https:\/\/zipline-dolinka.si\/de\/?s={search_term_string}\"},\"query-input\":{\"@type\":\"PropertyValueSpecification\",\"valueRequired\":true,\"valueName\":\"search_term_string\"}}],\"inLanguage\":\"de\"},{\"@type\":\"Organization\",\"@id\":\"https:\/\/zipline-dolinka.si\/de\/#organization\",\"name\":\"Zipline Dolinka Bled\",\"url\":\"https:\/\/zipline-dolinka.si\/de\/\",\"logo\":{\"@type\":\"ImageObject\",\"inLanguage\":\"de\",\"@id\":\"https:\/\/zipline-dolinka.si\/de\/#\/schema\/logo\/image\/\",\"url\":\"https:\/\/zipline-dolinka.si\/wp-content\/uploads\/2022\/05\/cropped-ziplinedolonka-favicon.png\",\"contentUrl\":\"https:\/\/zipline-dolinka.si\/wp-content\/uploads\/2022\/05\/cropped-ziplinedolonka-favicon.png\",\"width\":512,\"height\":512,\"caption\":\"Zipline Dolinka Bled\"},\"image\":{\"@id\":\"https:\/\/zipline-dolinka.si\/de\/#\/schema\/logo\/image\/\"},\"sameAs\":[\"https:\/\/www.facebook.com\/ZiplineDolinka\/\",\"https:\/\/www.tripadvisor.com\/Attraction_Review-g274863-d14139627-Reviews-Zipline_Dolinka-Bled_Upper_Carniola_Region.html\"]}]}<\/script>\n<!-- \/ Yoast SEO plugin. -->","yoast_head_json":{"title":"Unsere Geschichte - Zipline Dolinka","description":"Lokal gef\u00fchrte Abenteuer \u00fcber Bled, verbunden mit Naturschutz, Sicherheit und regionaler Tradition. Erfahre, wie wir Erlebnis und Verantwortung vereinen.","robots":{"index":"index","follow":"follow","max-snippet":"max-snippet:-1","max-image-preview":"max-image-preview:large","max-video-preview":"max-video-preview:-1"},"canonical":"https:\/\/zipline-dolinka.si\/de\/unsere-geschichte\/","og_locale":"de_DE","og_type":"article","og_title":"Unsere Geschichte - Zipline Dolinka","og_description":"Lokal gef\u00fchrte Abenteuer \u00fcber Bled, verbunden mit Naturschutz, Sicherheit und regionaler Tradition. Erfahre, wie wir Erlebnis und Verantwortung vereinen.","og_url":"https:\/\/zipline-dolinka.si\/de\/unsere-geschichte\/","og_site_name":"Zipline Dolinka","article_publisher":"https:\/\/www.facebook.com\/ZiplineDolinka\/","article_modified_time":"2026-01-27T12:48:20+00:00","og_image":[{"width":1400,"height":935,"url":"https:\/\/zipline-dolinka.si\/wp-content\/uploads\/2022\/06\/Private.jpg","type":"image\/jpeg"}],"twitter_card":"summary_large_image","twitter_misc":{"Gesch\u00e4tzte Lesezeit":"3\u00a0Minuten"},"schema":{"@context":"https:\/\/schema.org","@graph":[{"@type":"WebPage","@id":"https:\/\/zipline-dolinka.si\/de\/unsere-geschichte\/","url":"https:\/\/zipline-dolinka.si\/de\/unsere-geschichte\/","name":"Unsere Geschichte - Zipline Dolinka","isPartOf":{"@id":"https:\/\/zipline-dolinka.si\/de\/#website"},"primaryImageOfPage":{"@id":"https:\/\/zipline-dolinka.si\/de\/unsere-geschichte\/#primaryimage"},"image":{"@id":"https:\/\/zipline-dolinka.si\/de\/unsere-geschichte\/#primaryimage"},"thumbnailUrl":"https:\/\/zipline-dolinka.si\/wp-content\/uploads\/2022\/06\/Private-1024x684.jpg","datePublished":"2022-06-16T20:20:18+00:00","dateModified":"2026-01-27T12:48:20+00:00","description":"Lokal gef\u00fchrte Abenteuer \u00fcber Bled, verbunden mit Naturschutz, Sicherheit und regionaler Tradition. Erfahre, wie wir Erlebnis und Verantwortung vereinen.","breadcrumb":{"@id":"https:\/\/zipline-dolinka.si\/de\/unsere-geschichte\/#breadcrumb"},"inLanguage":"de","potentialAction":[{"@type":"ReadAction","target":["https:\/\/zipline-dolinka.si\/de\/unsere-geschichte\/"]}]},{"@type":"ImageObject","inLanguage":"de","@id":"https:\/\/zipline-dolinka.si\/de\/unsere-geschichte\/#primaryimage","url":"https:\/\/zipline-dolinka.si\/wp-content\/uploads\/2022\/06\/Private-1024x684.jpg","contentUrl":"https:\/\/zipline-dolinka.si\/wp-content\/uploads\/2022\/06\/Private-1024x684.jpg"},{"@type":"BreadcrumbList","@id":"https:\/\/zipline-dolinka.si\/de\/unsere-geschichte\/#breadcrumb","itemListElement":[{"@type":"ListItem","position":1,"name":"Startseite","item":"https:\/\/zipline-dolinka.si\/de\/"},{"@type":"ListItem","position":2,"name":"Unsere Geschichte"}]},{"@type":"WebSite","@id":"https:\/\/zipline-dolinka.si\/de\/#website","url":"https:\/\/zipline-dolinka.si\/de\/","name":"Zipline Dolinka","description":"The Longest Zipline in Europe","publisher":{"@id":"https:\/\/zipline-dolinka.si\/de\/#organization"},"potentialAction":[{"@type":"SearchAction","target":{"@type":"EntryPoint","urlTemplate":"https:\/\/zipline-dolinka.si\/de\/?s={search_term_string}"},"query-input":{"@type":"PropertyValueSpecification","valueRequired":true,"valueName":"search_term_string"}}],"inLanguage":"de"},{"@type":"Organization","@id":"https:\/\/zipline-dolinka.si\/de\/#organization","name":"Zipline Dolinka Bled","url":"https:\/\/zipline-dolinka.si\/de\/","logo":{"@type":"ImageObject","inLanguage":"de","@id":"https:\/\/zipline-dolinka.si\/de\/#\/schema\/logo\/image\/","url":"https:\/\/zipline-dolinka.si\/wp-content\/uploads\/2022\/05\/cropped-ziplinedolonka-favicon.png","contentUrl":"https:\/\/zipline-dolinka.si\/wp-content\/uploads\/2022\/05\/cropped-ziplinedolonka-favicon.png","width":512,"height":512,"caption":"Zipline Dolinka Bled"},"image":{"@id":"https:\/\/zipline-dolinka.si\/de\/#\/schema\/logo\/image\/"},"sameAs":["https:\/\/www.facebook.com\/ZiplineDolinka\/","https:\/\/www.tripadvisor.com\/Attraction_Review-g274863-d14139627-Reviews-Zipline_Dolinka-Bled_Upper_Carniola_Region.html"]}]}},"_links":{"self":[{"href":"https:\/\/zipline-dolinka.si\/de\/wp-json\/wp\/v2\/pages\/2519","targetHints":{"allow":["GET"]}}],"collection":[{"href":"https:\/\/zipline-dolinka.si\/de\/wp-json\/wp\/v2\/pages"}],"about":[{"href":"https:\/\/zipline-dolinka.si\/de\/wp-json\/wp\/v2\/types\/page"}],"author":[{"embeddable":true,"href":"https:\/\/zipline-dolinka.si\/de\/wp-json\/wp\/v2\/users\/2"}],"replies":[{"embeddable":true,"href":"https:\/\/zipline-dolinka.si\/de\/wp-json\/wp\/v2\/comments?post=2519"}],"version-history":[{"count":1,"href":"https:\/\/zipline-dolinka.si\/de\/wp-json\/wp\/v2\/pages\/2519\/revisions"}],"predecessor-version":[{"id":5965,"href":"https:\/\/zipline-dolinka.si\/de\/wp-json\/wp\/v2\/pages\/2519\/revisions\/5965"}],"wp:attachment":[{"href":"https:\/\/zipline-dolinka.si\/de\/wp-json\/wp\/v2\/media?parent=2519"}],"curies":[{"name":"wp","href":"https:\/\/api.w.org\/{rel}","templated":true}]}}