{"id":3121,"date":"2022-06-16T20:20:18","date_gmt":"2022-06-16T20:20:18","guid":{"rendered":"https:\/\/zipline-dolinka.si\/?page_id=3121"},"modified":"2023-06-15T10:39:53","modified_gmt":"2023-06-15T10:39:53","slug":"nase-pribeh","status":"publish","type":"page","link":"https:\/\/zipline-dolinka.si\/cs\/nase-pribeh\/","title":{"rendered":"Na\u0161e p\u0159\u00edb\u011bh"},"content":{"rendered":"\n<p>Seznamte se s na\u0161\u00edm oddan\u00fdm t\u00fdmem, skupinou v\u00e1\u0161niv\u00fdch m\u00edstn\u00edch lid\u00ed poch\u00e1zej\u00edc\u00edch z obou b\u0159eh\u016f \u0159eky, sjednocen\u00fdch spole\u010dnou viz\u00ed podporovat udr\u017eiteln\u00fd rozvoj a zachov\u00e1vat bohat\u00e9 p\u0159\u00edrodn\u00ed a kulturn\u00ed d\u011bdictv\u00ed ukryt\u00e9 mezi poho\u0159\u00edm Karavanky a Julsk\u00fdmi Alpami. Na\u0161e ko\u0159eny jsou hluboko v t\u00e9to okouzluj\u00edc\u00ed oblasti, co\u017e n\u00e1m umo\u017e\u0148uje p\u0159istupovat k ochran\u011b s v\u011bdomostmi insidera a horliv\u00fdm z\u00e1vazkem chr\u00e1nit na\u0161i kr\u00e1snou krajinu pro budouc\u00ed generace. Prozkoumejte s n\u00e1mi a sta\u0148te se sou\u010d\u00e1st\u00ed komunity, kter\u00e1 se v\u011bnuje harmonizaci pokroku a ochrany v tomto n\u00e1dhern\u00e9m koutu sv\u011bta.<\/p>\n\n\n\n<figure class=\"wp-block-pullquote\"><blockquote><p>&#8222;Krajinsk\u00e1 kr\u00e1sa Kranjska nem\u00e1 v\u011bt\u0161\u00ed kr\u00e1su ne\u017e tento obraz r\u00e1je&#8220;<\/p><cite>France Pre\u0161eren, 1800\u20131849, nejv\u011bt\u0161\u00ed slovinsk\u00fd b\u00e1sn\u00edk, narozen\u00fd ve vesnici Vrba, le\u017e\u00edc\u00ed na lev\u00e9m b\u0159ehu \u0159eky Sava Dolinka.<\/cite><\/blockquote><\/figure>\n\n\n\n<figure class=\"wp-block-image size-large\"><img loading=\"lazy\" decoding=\"async\" width=\"1024\" height=\"684\" src=\"https:\/\/zipline-dolinka.si\/wp-content\/uploads\/2022\/06\/Private-1024x684.jpg\" alt=\"\" class=\"wp-image-641\" srcset=\"https:\/\/zipline-dolinka.si\/wp-content\/uploads\/2022\/06\/Private-1024x684.jpg 1024w, https:\/\/zipline-dolinka.si\/wp-content\/uploads\/2022\/06\/Private-300x200.jpg 300w, https:\/\/zipline-dolinka.si\/wp-content\/uploads\/2022\/06\/Private-768x513.jpg 768w, https:\/\/zipline-dolinka.si\/wp-content\/uploads\/2022\/06\/Private-930x620.jpg 930w, https:\/\/zipline-dolinka.si\/wp-content\/uploads\/2022\/06\/Private.jpg 1400w\" sizes=\"auto, (max-width: 1024px) 100vw, 1024px\" \/><\/figure>\n\n\n\n<h2 class=\"wp-block-heading\">N\u00e1\u0161e \u0159eka, tv\u00e1 dobrodru\u017estv\u00ed<\/h2>\n\n\n\n<p>Objevte p\u0159\u00edb\u011bh za \u0159ekou Dolinka, sv\u011bdectv\u00ed o odolnosti komunity, kter\u00e1 state\u010dn\u011b br\u00e1nila svou milovanou \u0159eku a jej\u00ed okoln\u00ed krajinu. V roce 2004 se tato nezlomn\u00e1 komunita se\u0161la, uspo\u0159\u00e1dala referendum a \u00fasp\u011b\u0161n\u011b zma\u0159ila vl\u00e1dn\u00ed pl\u00e1ny na v\u00fdstavbu p\u0159ehrady, kter\u00e1 by v \u00fadol\u00ed zp\u016fsobila katastrof\u00e1ln\u00ed \u0161kody.<\/p>\n\n\n\n<p>Dnes je toto \u00fadol\u00ed kvetouc\u00ed o\u00e1zou, slou\u017e\u00edc\u00ed jako neporu\u0161en\u00fd a nedot\u010den\u00fd spoj mezi Bledem a Vrbou, rodi\u0161t\u011bm v\u00e1\u017een\u00e9ho slovinsk\u00e9ho b\u00e1sn\u00edka France Pre\u0161erena. Vrba je jen jednou z mnoha vesnic v t\u00e9to oblasti, ka\u017ed\u00e1 je z\u00e1\u0159ivou perlou v gobel\u00ednu slovinsk\u00e9 literatury. Zveme v\u00e1s, abyste se k n\u00e1m p\u0159ipojili v ochran\u011b na\u0161eho vibrantn\u00edho, p\u0159\u00edrodn\u00edho a bohat\u00e9ho kulturn\u00edho d\u011bdictv\u00ed ukryt\u00e9ho v slunn\u00e9m objet\u00ed Alp.<\/p>\n\n\n\n<p><a href=\"https:\/\/visitzirovnica.si\/en\/experiences\/literary-route\/\" target=\"_blank\" rel=\"noreferrer noopener\">Dozv\u011bd\u011bt se v\u00edce na na\u0161\u00ed Cest\u011b kulturn\u00edho d\u011bdictv\u00ed.<\/a><\/p>\n\n\n\n<p>P\u0159\u00edrodn\u00ed kr\u00e1sa doliny Dolinka byla v\u017edy v centru na\u0161eho projektu zipline. S nejvy\u0161\u0161\u00ed \u00factou k \u017eivotn\u00edmu prost\u0159ed\u00ed jsme minim\u00e1ln\u011b upravili ter\u00e9n pro instalaci na\u0161ich lan a tras, \u010d\u00edm\u017e jsme vytvo\u0159ili inovativn\u00ed zp\u016fsob, jak n\u00e1v\u0161t\u011bvn\u00edk\u016fm umo\u017enit pro\u017e\u00edt \u0159eku a \u00fadol\u00ed z unik\u00e1tn\u00ed perspektivy. P\u0159ij\u010fte se k n\u00e1m p\u0159ipojit a za\u017eijte tuto okouzluj\u00edc\u00ed dolinu jako nikdy p\u0159edt\u00edm!<\/p>\n\n\n\n<figure class=\"wp-block-image size-large\"><img loading=\"lazy\" decoding=\"async\" width=\"1024\" height=\"575\" src=\"https:\/\/zipline-dolinka.si\/wp-content\/uploads\/2022\/06\/Our_Story-1024x575.jpeg\" alt=\"\" class=\"wp-image-645\" srcset=\"https:\/\/zipline-dolinka.si\/wp-content\/uploads\/2022\/06\/Our_Story-1024x575.jpeg 1024w, https:\/\/zipline-dolinka.si\/wp-content\/uploads\/2022\/06\/Our_Story-300x169.jpeg 300w, https:\/\/zipline-dolinka.si\/wp-content\/uploads\/2022\/06\/Our_Story-768x431.jpeg 768w, https:\/\/zipline-dolinka.si\/wp-content\/uploads\/2022\/06\/Our_Story.jpeg 1029w\" sizes=\"auto, (max-width: 1024px) 100vw, 1024px\" \/><\/figure>\n\n\n\n<h2 class=\"wp-block-heading\">N\u00e1\u0161 p\u0159\u00edstup<\/h2>\n\n\n\n<p>\u25cf M\u00edstn\u00ed str\u00e1\u017eci ji\u017e dv\u011b dek\u00e1dy pe\u010dliv\u011b zachov\u00e1vaj\u00ed p\u016fvodn\u00ed kouzlo \u00fadol\u00ed. U Zipline Dolinka na\u0161e mise p\u0159esahuje vzru\u0161uj\u00edc\u00ed outdoorov\u00e9 dobrodru\u017estv\u00ed. Jsme v\u00e1\u0161niv\u011b anga\u017eovan\u00ed ve zvy\u0161ov\u00e1n\u00ed pov\u011bdom\u00ed o p\u0159\u00edrodn\u00edm v\u00fdznamu \u00fadol\u00ed, podporujeme region pro n\u00e1v\u0161t\u011bvn\u00edky a sd\u00edl\u00edme inspiruj\u00edc\u00ed p\u0159\u00edb\u011bh odolnosti na\u0161\u00ed komunity. <\/p>\n\n\n\n<p>\u25cf Ka\u017ed\u00fd z na\u0161ich sedmi zipline tras byl pe\u010dliv\u011b navr\u017een tak, aby respektoval a zachoval m\u00edstn\u00ed prost\u0159ed\u00ed. P\u0159i jejich vytv\u00e1\u0159en\u00ed nebyly \u017e\u00e1dn\u00e9 stromy ob\u011btov\u00e1ny nebo po\u0161kozeny. S pomoc\u00ed modern\u00ed technologie a dron\u016f jsme kabely um\u00edstili tak, aby bujn\u00e1 vegetace pod ziplines z\u016fstala nedot\u010den\u00e1 a neporu\u0161en\u00e1. Na\u0161\u00edm c\u00edlem je poskytnout n\u00e1v\u0161t\u011bvn\u00edk\u016fm autentick\u00fd pohled na dech berouc\u00ed p\u0159\u00edrodn\u00ed rysy \u00fadol\u00ed, zat\u00edmco zaji\u0161\u0165ujeme, \u017ee na\u0161e aktivity jsou v harmonii s p\u0159\u00edrodou a neru\u0161\u00ed ji. <\/p>\n\n\n\n<p>P\u0159idejte se k n\u00e1m na nezapomenutelnou cestu nad koruny strom\u016f a za\u017eijte \u00fachvatnou kr\u00e1su \u00fadol\u00ed zp\u016fsobem, kter\u00fd respektuje a zachov\u00e1v\u00e1 jeho budoucnost.<\/p>\n\n\n\n<div id=\"wp-block-themeisle-blocks-advanced-columns-bddec2eb\" class=\"wp-block-themeisle-blocks-advanced-columns has-1-columns has-desktop-twoOne-layout has-tablet-equal-layout has-mobile-equal-layout has-vertical-unset\"><div class=\"wp-block-themeisle-blocks-advanced-columns-overlay\"><\/div><div class=\"innerblocks-wrap\">\n<div id=\"wp-block-themeisle-blocks-advanced-column-84df613f\" class=\"wp-block-themeisle-blocks-advanced-column\"><\/div>\n<\/div><\/div>\n","protected":false},"excerpt":{"rendered":"<p>Seznamte se s na\u0161\u00edm oddan\u00fdm t\u00fdmem, skupinou v\u00e1\u0161niv\u00fdch m\u00edstn\u00edch lid\u00ed poch\u00e1zej\u00edc\u00edch z obou b\u0159eh\u016f \u0159eky, sjednocen\u00fdch spole\u010dnou viz\u00ed podporovat udr\u017eiteln\u00fd rozvoj a zachov\u00e1vat bohat\u00e9 p\u0159\u00edrodn\u00ed a kulturn\u00ed d\u011bdictv\u00ed ukryt\u00e9 mezi poho\u0159\u00edm Karavanky a Julsk\u00fdmi Alpami. Na\u0161e ko\u0159eny jsou hluboko v t\u00e9to okouzluj\u00edc\u00ed oblasti, co\u017e n\u00e1m umo\u017e\u0148uje p\u0159istupovat k ochran\u011b s v\u011bdomostmi insidera a horliv\u00fdm z\u00e1vazkem&hellip;&nbsp;<a href=\"https:\/\/zipline-dolinka.si\/cs\/nase-pribeh\/\" rel=\"bookmark\">\u010c\u00edst v\u00edce &raquo;<span class=\"screen-reader-text\">Na\u0161e p\u0159\u00edb\u011bh<\/span><\/a><\/p>\n","protected":false},"author":2,"featured_media":0,"parent":0,"menu_order":5,"comment_status":"closed","ping_status":"closed","template":"","meta":{"neve_meta_sidebar":"","neve_meta_container":"","neve_meta_enable_content_width":"","neve_meta_content_width":0,"neve_meta_title_alignment":"","neve_meta_author_avatar":"","neve_post_elements_order":"","neve_meta_disable_header":"","neve_meta_disable_footer":"","neve_meta_disable_title":"","_themeisle_gutenberg_block_has_review":false,"footnotes":""},"class_list":["post-3121","page","type-page","status-publish","hentry"],"yoast_head":"<!-- This site is optimized with the Yoast SEO plugin v27.0 - https:\/\/yoast.com\/product\/yoast-seo-wordpress\/ -->\n<title>Na\u0161e p\u0159\u00edb\u011bh - Zipline Dolinka<\/title>\n<meta name=\"robots\" content=\"index, follow, max-snippet:-1, max-image-preview:large, max-video-preview:-1\" \/>\n<link rel=\"canonical\" href=\"https:\/\/zipline-dolinka.si\/cs\/nase-pribeh\/\" \/>\n<meta property=\"og:locale\" content=\"cs_CZ\" \/>\n<meta property=\"og:type\" content=\"article\" \/>\n<meta property=\"og:title\" content=\"Na\u0161e p\u0159\u00edb\u011bh - Zipline Dolinka\" \/>\n<meta property=\"og:description\" content=\"Seznamte se s na\u0161\u00edm oddan\u00fdm t\u00fdmem, skupinou v\u00e1\u0161niv\u00fdch m\u00edstn\u00edch lid\u00ed poch\u00e1zej\u00edc\u00edch z obou b\u0159eh\u016f \u0159eky, sjednocen\u00fdch spole\u010dnou viz\u00ed podporovat udr\u017eiteln\u00fd rozvoj a zachov\u00e1vat bohat\u00e9 p\u0159\u00edrodn\u00ed a kulturn\u00ed d\u011bdictv\u00ed ukryt\u00e9 mezi poho\u0159\u00edm Karavanky a Julsk\u00fdmi Alpami. Na\u0161e ko\u0159eny jsou hluboko v t\u00e9to okouzluj\u00edc\u00ed oblasti, co\u017e n\u00e1m umo\u017e\u0148uje p\u0159istupovat k ochran\u011b s v\u011bdomostmi insidera a horliv\u00fdm z\u00e1vazkem&hellip;&nbsp;\u010c\u00edst v\u00edce &raquo;Na\u0161e p\u0159\u00edb\u011bh\" \/>\n<meta property=\"og:url\" content=\"https:\/\/zipline-dolinka.si\/cs\/nase-pribeh\/\" \/>\n<meta property=\"og:site_name\" content=\"Zipline Dolinka\" \/>\n<meta property=\"article:publisher\" content=\"https:\/\/www.facebook.com\/ZiplineDolinka\/\" \/>\n<meta property=\"article:modified_time\" content=\"2023-06-15T10:39:53+00:00\" \/>\n<meta property=\"og:image\" content=\"https:\/\/zipline-dolinka.si\/wp-content\/uploads\/2022\/06\/Private-1024x684.jpg\" \/>\n<meta name=\"twitter:card\" content=\"summary_large_image\" \/>\n<meta name=\"twitter:label1\" content=\"Odhadovan\u00e1 doba \u010dten\u00ed\" \/>\n\t<meta name=\"twitter:data1\" content=\"3 minuty\" \/>\n<script type=\"application\/ld+json\" class=\"yoast-schema-graph\">{\"@context\":\"https:\/\/schema.org\",\"@graph\":[{\"@type\":\"WebPage\",\"@id\":\"https:\/\/zipline-dolinka.si\/cs\/nase-pribeh\/\",\"url\":\"https:\/\/zipline-dolinka.si\/cs\/nase-pribeh\/\",\"name\":\"Na\u0161e p\u0159\u00edb\u011bh - Zipline Dolinka\",\"isPartOf\":{\"@id\":\"https:\/\/zipline-dolinka.si\/cs\/#website\"},\"primaryImageOfPage\":{\"@id\":\"https:\/\/zipline-dolinka.si\/cs\/nase-pribeh\/#primaryimage\"},\"image\":{\"@id\":\"https:\/\/zipline-dolinka.si\/cs\/nase-pribeh\/#primaryimage\"},\"thumbnailUrl\":\"https:\/\/zipline-dolinka.si\/wp-content\/uploads\/2022\/06\/Private-1024x684.jpg\",\"datePublished\":\"2022-06-16T20:20:18+00:00\",\"dateModified\":\"2023-06-15T10:39:53+00:00\",\"breadcrumb\":{\"@id\":\"https:\/\/zipline-dolinka.si\/cs\/nase-pribeh\/#breadcrumb\"},\"inLanguage\":\"cs\",\"potentialAction\":[{\"@type\":\"ReadAction\",\"target\":[\"https:\/\/zipline-dolinka.si\/cs\/nase-pribeh\/\"]}]},{\"@type\":\"ImageObject\",\"inLanguage\":\"cs\",\"@id\":\"https:\/\/zipline-dolinka.si\/cs\/nase-pribeh\/#primaryimage\",\"url\":\"https:\/\/zipline-dolinka.si\/wp-content\/uploads\/2022\/06\/Private-1024x684.jpg\",\"contentUrl\":\"https:\/\/zipline-dolinka.si\/wp-content\/uploads\/2022\/06\/Private-1024x684.jpg\"},{\"@type\":\"BreadcrumbList\",\"@id\":\"https:\/\/zipline-dolinka.si\/cs\/nase-pribeh\/#breadcrumb\",\"itemListElement\":[{\"@type\":\"ListItem\",\"position\":1,\"name\":\"\u00davodn\u00ed str\u00e1nka\",\"item\":\"https:\/\/zipline-dolinka.si\/cs\/\"},{\"@type\":\"ListItem\",\"position\":2,\"name\":\"Na\u0161e p\u0159\u00edb\u011bh\"}]},{\"@type\":\"WebSite\",\"@id\":\"https:\/\/zipline-dolinka.si\/cs\/#website\",\"url\":\"https:\/\/zipline-dolinka.si\/cs\/\",\"name\":\"Zipline Dolinka\",\"description\":\"The Longest Zipline in Europe\",\"publisher\":{\"@id\":\"https:\/\/zipline-dolinka.si\/cs\/#organization\"},\"potentialAction\":[{\"@type\":\"SearchAction\",\"target\":{\"@type\":\"EntryPoint\",\"urlTemplate\":\"https:\/\/zipline-dolinka.si\/cs\/?s={search_term_string}\"},\"query-input\":{\"@type\":\"PropertyValueSpecification\",\"valueRequired\":true,\"valueName\":\"search_term_string\"}}],\"inLanguage\":\"cs\"},{\"@type\":\"Organization\",\"@id\":\"https:\/\/zipline-dolinka.si\/cs\/#organization\",\"name\":\"Zipline Dolinka Bled\",\"url\":\"https:\/\/zipline-dolinka.si\/cs\/\",\"logo\":{\"@type\":\"ImageObject\",\"inLanguage\":\"cs\",\"@id\":\"https:\/\/zipline-dolinka.si\/cs\/#\/schema\/logo\/image\/\",\"url\":\"https:\/\/zipline-dolinka.si\/wp-content\/uploads\/2022\/05\/cropped-ziplinedolonka-favicon.png\",\"contentUrl\":\"https:\/\/zipline-dolinka.si\/wp-content\/uploads\/2022\/05\/cropped-ziplinedolonka-favicon.png\",\"width\":512,\"height\":512,\"caption\":\"Zipline Dolinka Bled\"},\"image\":{\"@id\":\"https:\/\/zipline-dolinka.si\/cs\/#\/schema\/logo\/image\/\"},\"sameAs\":[\"https:\/\/www.facebook.com\/ZiplineDolinka\/\",\"https:\/\/www.tripadvisor.com\/Attraction_Review-g274863-d14139627-Reviews-Zipline_Dolinka-Bled_Upper_Carniola_Region.html\"]}]}<\/script>\n<!-- \/ Yoast SEO plugin. -->","yoast_head_json":{"title":"Na\u0161e p\u0159\u00edb\u011bh - Zipline Dolinka","robots":{"index":"index","follow":"follow","max-snippet":"max-snippet:-1","max-image-preview":"max-image-preview:large","max-video-preview":"max-video-preview:-1"},"canonical":"https:\/\/zipline-dolinka.si\/cs\/nase-pribeh\/","og_locale":"cs_CZ","og_type":"article","og_title":"Na\u0161e p\u0159\u00edb\u011bh - Zipline Dolinka","og_description":"Seznamte se s na\u0161\u00edm oddan\u00fdm t\u00fdmem, skupinou v\u00e1\u0161niv\u00fdch m\u00edstn\u00edch lid\u00ed poch\u00e1zej\u00edc\u00edch z obou b\u0159eh\u016f \u0159eky, sjednocen\u00fdch spole\u010dnou viz\u00ed podporovat udr\u017eiteln\u00fd rozvoj a zachov\u00e1vat bohat\u00e9 p\u0159\u00edrodn\u00ed a kulturn\u00ed d\u011bdictv\u00ed ukryt\u00e9 mezi poho\u0159\u00edm Karavanky a Julsk\u00fdmi Alpami. Na\u0161e ko\u0159eny jsou hluboko v t\u00e9to okouzluj\u00edc\u00ed oblasti, co\u017e n\u00e1m umo\u017e\u0148uje p\u0159istupovat k ochran\u011b s v\u011bdomostmi insidera a horliv\u00fdm z\u00e1vazkem&hellip;&nbsp;\u010c\u00edst v\u00edce &raquo;Na\u0161e p\u0159\u00edb\u011bh","og_url":"https:\/\/zipline-dolinka.si\/cs\/nase-pribeh\/","og_site_name":"Zipline Dolinka","article_publisher":"https:\/\/www.facebook.com\/ZiplineDolinka\/","article_modified_time":"2023-06-15T10:39:53+00:00","og_image":[{"url":"https:\/\/zipline-dolinka.si\/wp-content\/uploads\/2022\/06\/Private-1024x684.jpg","type":"","width":"","height":""}],"twitter_card":"summary_large_image","twitter_misc":{"Odhadovan\u00e1 doba \u010dten\u00ed":"3 minuty"},"schema":{"@context":"https:\/\/schema.org","@graph":[{"@type":"WebPage","@id":"https:\/\/zipline-dolinka.si\/cs\/nase-pribeh\/","url":"https:\/\/zipline-dolinka.si\/cs\/nase-pribeh\/","name":"Na\u0161e p\u0159\u00edb\u011bh - Zipline Dolinka","isPartOf":{"@id":"https:\/\/zipline-dolinka.si\/cs\/#website"},"primaryImageOfPage":{"@id":"https:\/\/zipline-dolinka.si\/cs\/nase-pribeh\/#primaryimage"},"image":{"@id":"https:\/\/zipline-dolinka.si\/cs\/nase-pribeh\/#primaryimage"},"thumbnailUrl":"https:\/\/zipline-dolinka.si\/wp-content\/uploads\/2022\/06\/Private-1024x684.jpg","datePublished":"2022-06-16T20:20:18+00:00","dateModified":"2023-06-15T10:39:53+00:00","breadcrumb":{"@id":"https:\/\/zipline-dolinka.si\/cs\/nase-pribeh\/#breadcrumb"},"inLanguage":"cs","potentialAction":[{"@type":"ReadAction","target":["https:\/\/zipline-dolinka.si\/cs\/nase-pribeh\/"]}]},{"@type":"ImageObject","inLanguage":"cs","@id":"https:\/\/zipline-dolinka.si\/cs\/nase-pribeh\/#primaryimage","url":"https:\/\/zipline-dolinka.si\/wp-content\/uploads\/2022\/06\/Private-1024x684.jpg","contentUrl":"https:\/\/zipline-dolinka.si\/wp-content\/uploads\/2022\/06\/Private-1024x684.jpg"},{"@type":"BreadcrumbList","@id":"https:\/\/zipline-dolinka.si\/cs\/nase-pribeh\/#breadcrumb","itemListElement":[{"@type":"ListItem","position":1,"name":"\u00davodn\u00ed str\u00e1nka","item":"https:\/\/zipline-dolinka.si\/cs\/"},{"@type":"ListItem","position":2,"name":"Na\u0161e p\u0159\u00edb\u011bh"}]},{"@type":"WebSite","@id":"https:\/\/zipline-dolinka.si\/cs\/#website","url":"https:\/\/zipline-dolinka.si\/cs\/","name":"Zipline Dolinka","description":"The Longest Zipline in Europe","publisher":{"@id":"https:\/\/zipline-dolinka.si\/cs\/#organization"},"potentialAction":[{"@type":"SearchAction","target":{"@type":"EntryPoint","urlTemplate":"https:\/\/zipline-dolinka.si\/cs\/?s={search_term_string}"},"query-input":{"@type":"PropertyValueSpecification","valueRequired":true,"valueName":"search_term_string"}}],"inLanguage":"cs"},{"@type":"Organization","@id":"https:\/\/zipline-dolinka.si\/cs\/#organization","name":"Zipline Dolinka Bled","url":"https:\/\/zipline-dolinka.si\/cs\/","logo":{"@type":"ImageObject","inLanguage":"cs","@id":"https:\/\/zipline-dolinka.si\/cs\/#\/schema\/logo\/image\/","url":"https:\/\/zipline-dolinka.si\/wp-content\/uploads\/2022\/05\/cropped-ziplinedolonka-favicon.png","contentUrl":"https:\/\/zipline-dolinka.si\/wp-content\/uploads\/2022\/05\/cropped-ziplinedolonka-favicon.png","width":512,"height":512,"caption":"Zipline Dolinka Bled"},"image":{"@id":"https:\/\/zipline-dolinka.si\/cs\/#\/schema\/logo\/image\/"},"sameAs":["https:\/\/www.facebook.com\/ZiplineDolinka\/","https:\/\/www.tripadvisor.com\/Attraction_Review-g274863-d14139627-Reviews-Zipline_Dolinka-Bled_Upper_Carniola_Region.html"]}]}},"_links":{"self":[{"href":"https:\/\/zipline-dolinka.si\/cs\/wp-json\/wp\/v2\/pages\/3121","targetHints":{"allow":["GET"]}}],"collection":[{"href":"https:\/\/zipline-dolinka.si\/cs\/wp-json\/wp\/v2\/pages"}],"about":[{"href":"https:\/\/zipline-dolinka.si\/cs\/wp-json\/wp\/v2\/types\/page"}],"author":[{"embeddable":true,"href":"https:\/\/zipline-dolinka.si\/cs\/wp-json\/wp\/v2\/users\/2"}],"replies":[{"embeddable":true,"href":"https:\/\/zipline-dolinka.si\/cs\/wp-json\/wp\/v2\/comments?post=3121"}],"version-history":[{"count":0,"href":"https:\/\/zipline-dolinka.si\/cs\/wp-json\/wp\/v2\/pages\/3121\/revisions"}],"wp:attachment":[{"href":"https:\/\/zipline-dolinka.si\/cs\/wp-json\/wp\/v2\/media?parent=3121"}],"curies":[{"name":"wp","href":"https:\/\/api.w.org\/{rel}","templated":true}]}}